{"id":10864,"date":"2022-02-02T10:22:52","date_gmt":"2022-02-02T08:22:52","guid":{"rendered":"https:\/\/localiarreda.it\/horeca\/"},"modified":"2025-03-21T18:52:32","modified_gmt":"2025-03-21T16:52:32","slug":"horeca","status":"publish","type":"page","link":"https:\/\/localiarreda.it\/es\/horeca\/","title":{"rendered":"HoReCa"},"content":{"rendered":"\n<div style=\"height:50px\" aria-hidden=\"true\" class=\"wp-block-spacer rcwdSpace-hidein-mobile\"><\/div>\n\n<div class=\"wp-block-cover alignfull is-light has-parallax rcwdCover rcwdCover1\" style=\"min-height:100vh;aspect-ratio:unset;\"><span aria-hidden=\"true\" class=\"wp-block-cover__background has-background-dim-0 has-background-dim\"><\/span><div class=\"wp-block-cover__image-background wp-image-7851 has-parallax\" style=\"background-position:50% 50%;background-image:url(https:\/\/localiarreda.it\/wp-content\/uploads\/2025\/01\/Cavalletti_clodio_HD1.jpg)\"><\/div><div class=\"wp-block-cover__inner-container is-layout-constrained wp-block-cover-is-layout-constrained\">\n<p class=\"has-text-align-center has-large-font-size wp-block-paragraph\"><\/p>\n<\/div><\/div>\n\n<div style=\"height:80px\" aria-hidden=\"true\" class=\"wp-block-spacer\"><\/div>\n\n<h2 class=\"wp-block-heading has-text-align-center\">De la concepci\u00f3n a la realizaci\u00f3n<\/h2>\n\n<div style=\"height:50px\" aria-hidden=\"true\" class=\"wp-block-spacer rcwdSpace-hidein-mobile\"><\/div>\n<div class=\"wp-block-image step-by-step-desktop\">\n<figure class=\"aligncenter size-full\"><img decoding=\"async\" src=\"https:\/\/localiarreda.it\/wp-content\/uploads\/2025\/03\/timeline-horeca-desktop-es.png\" alt=\"\" class=\"wp-image-6491\"\/><\/figure>\n<\/div><div class=\"wp-block-image step-by-step-mobile\">\n<figure class=\"aligncenter size-full is-resized\"><img decoding=\"async\" src=\"https:\/\/localiarreda.it\/wp-content\/uploads\/2025\/03\/timeline-horeca-mobile-es-2.png\" alt=\"\" class=\"wp-image-6702\" style=\"width:250px\"\/><\/figure>\n<\/div>\n<div style=\"height:100px\" aria-hidden=\"true\" class=\"wp-block-spacer\"><\/div>\n\n<div class=\"wp-block-columns is-layout-flex wp-container-core-columns-is-layout-8f761849 wp-block-columns-is-layout-flex\">\n<div class=\"wp-block-column is-layout-flow wp-block-column-is-layout-flow\">\n<h3 class=\"wp-block-heading\">Dise\u00f1o<\/h3>\n\n\n\n<p class=\"wp-block-paragraph\">Sobre la base del concepto de comida dise\u00f1ado espec\u00edficamente para cada local concreto, pasamos a la fase de dise\u00f1o. Gracias al uso de un software espec\u00edfico de renderizado, el cliente tiene la oportunidad de ver c\u00f3mo ser\u00e1 el resultado final de su proyecto incluso antes de que se realice. <\/p>\n<\/div>\n\n\n\n<div class=\"wp-block-column is-layout-flow wp-block-column-is-layout-flow\">\n<h3 class=\"wp-block-heading\">Restyling<\/h3>\n\n\n\n<p class=\"wp-block-paragraph\">El restyling permite dar nueva vida a un local mediante intervenciones m\u00ednimamente invasivas, conciliando las necesidades est\u00e9ticas y funcionales de los clientes. El objetivo final es realizar un proyecto que d\u00e9 al local una identidad revolucionada, preservando su pasado y realzando su historia. <\/p>\n<\/div>\n\n\n\n<div class=\"wp-block-column is-layout-flow wp-block-column-is-layout-flow\">\n<h3 class=\"wp-block-heading\">Herrajes y acabados<\/h3>\n\n\n\n<p class=\"wp-block-paragraph\">Cada mueble se dise\u00f1a y elige cuidadosamente para expresar mejor el esp\u00edritu del local y revelar su identidad. La realizaci\u00f3n de cada mueble tiene lugar tras el estudio del formato del local, para realzar y valorizar su estilo y mantener su posicionamiento coherente en el mercado. <\/p>\n<\/div>\n<\/div>\n\n<div style=\"height:100px\" aria-hidden=\"true\" class=\"wp-block-spacer rcwdSpace-mobile-50\"><\/div>\n\n<div class=\"wp-block-cover alignfull is-light has-parallax rcwdCover rcwdCover2\" style=\"min-height:100vh;aspect-ratio:unset;\"><span aria-hidden=\"true\" class=\"wp-block-cover__background has-background-dim-0 has-background-dim\"><\/span><div class=\"wp-block-cover__image-background wp-image-7994 has-parallax\" style=\"background-position:50% 50%;background-image:url(https:\/\/localiarreda.it\/wp-content\/uploads\/2025\/02\/A2A5737.jpg)\"><\/div><div class=\"wp-block-cover__inner-container is-layout-constrained wp-block-cover-is-layout-constrained\">\n<p class=\"has-text-align-center has-large-font-size wp-block-paragraph\"><\/p>\n<\/div><\/div>\n\n<div style=\"height:100px\" aria-hidden=\"true\" class=\"wp-block-spacer rcwdSpace-mobile-50\"><\/div>\n\n<div class=\"wp-block-columns is-layout-flex wp-container-core-columns-is-layout-8f761849 wp-block-columns-is-layout-flex\">\n<div class=\"wp-block-column is-layout-flow wp-block-column-is-layout-flow\">\n<h3 class=\"wp-block-heading\">Concepto de alimentaci\u00f3n<\/h3>\n\n\n\n<p class=\"wp-block-paragraph\">El dise\u00f1o y el equipamiento de cada local se definen en funci\u00f3n del concepto de comida elegido y estudiado espec\u00edficamente para cada actividad concreta. Cada tipo de local, en funci\u00f3n de la oferta y del p\u00fablico al que se dirige, requiere unas caracter\u00edsticas espec\u00edficas tanto desde el punto de vista est\u00e9tico como funcional. <\/p>\n<\/div>\n\n\n\n<div class=\"wp-block-column is-layout-flow wp-block-column-is-layout-flow\">\n<h3 class=\"wp-block-heading\">Marca e identidad gr\u00e1fica<\/h3>\n\n\n\n<p class=\"wp-block-paragraph\">La imagen de un local gira en torno a varios elementos, como el dise\u00f1o interior, el logotipo, la comunicaci\u00f3n y otros. Localiarreda, tras darle un rostro, se ocupa de la identidad de marca de sus locales, gracias a la elecci\u00f3n del naming y la creaci\u00f3n del logotipo y los gr\u00e1ficos necesarios para las distintas actividades de comunicaci\u00f3n. <\/p>\n<\/div>\n\n\n\n<div class=\"wp-block-column is-layout-flow wp-block-column-is-layout-flow\">\n<h3 class=\"wp-block-heading\">Marketing y Comunicaci\u00f3n<\/h3>\n\n\n\n<p class=\"wp-block-paragraph\">No hay negocio de \u00e9xito que no se transmita mediante acciones de marketing espec\u00edficas. Estimaci\u00f3n de costes y precios de comida y bebida, gesti\u00f3n de redes sociales, sesiones fotogr\u00e1ficas y de v\u00eddeo, gabinete de prensa y organizaci\u00f3n de eventos son s\u00f3lo algunos de los servicios que ofrece Localiarreda. <\/p>\n<\/div>\n<\/div>\n","protected":false},"excerpt":{"rendered":"<p>De la concepci\u00f3n a la realizaci\u00f3n Dise\u00f1o Sobre la base del concepto de comida dise\u00f1ado espec\u00edficamente para cada local concreto, pasamos a la fase de dise\u00f1o. Gracias al uso de un software espec\u00edfico de renderizado, el cliente tiene la oportunidad [&hellip;]<\/p>\n","protected":false},"author":15,"featured_media":0,"parent":0,"menu_order":0,"comment_status":"closed","ping_status":"closed","template":"","meta":{"_acf_changed":false,"footnotes":""},"class_list":["post-10864","page","type-page","status-publish","hentry"],"acf":[],"yoast_head":"<!-- This site is optimized with the Yoast SEO plugin v25.2 - https:\/\/yoast.com\/wordpress\/plugins\/seo\/ -->\n<title>Servicios del sector HORECA: dise\u00f1o y mobiliario | Localiarreda<\/title>\n<meta name=\"description\" content=\"Servicios para la hosteler\u00eda. Dise\u00f1o, realizaci\u00f3n y mobiliario del restaurante-cafeter\u00eda Hotellerie, branding y marketing. M\u00e1s informaci\u00f3n.\" \/>\n<meta name=\"robots\" content=\"index, follow, max-snippet:-1, max-image-preview:large, max-video-preview:-1\" \/>\n<link rel=\"canonical\" href=\"https:\/\/localiarreda.it\/es\/horeca\/\" \/>\n<meta property=\"og:locale\" content=\"es_ES\" \/>\n<meta property=\"og:type\" content=\"article\" \/>\n<meta property=\"og:title\" content=\"Servicios del sector HORECA: dise\u00f1o y mobiliario | Localiarreda\" \/>\n<meta property=\"og:description\" content=\"Servicios para la hosteler\u00eda. Dise\u00f1o, realizaci\u00f3n y mobiliario del restaurante-cafeter\u00eda Hotellerie, branding y marketing. M\u00e1s informaci\u00f3n.\" \/>\n<meta property=\"og:url\" content=\"https:\/\/localiarreda.it\/es\/horeca\/\" \/>\n<meta property=\"og:site_name\" content=\"Localiarreda\" \/>\n<meta property=\"article:modified_time\" content=\"2025-03-21T16:52:32+00:00\" \/>\n<meta property=\"og:image\" content=\"https:\/\/localiarreda.it\/wp-content\/uploads\/2022\/02\/timeline-horeca-desktop.png\" \/>\n\t<meta property=\"og:image:width\" content=\"1200\" \/>\n\t<meta property=\"og:image:height\" content=\"272\" \/>\n\t<meta property=\"og:image:type\" content=\"image\/png\" \/>\n<meta name=\"twitter:card\" content=\"summary_large_image\" \/>\n<meta name=\"twitter:label1\" content=\"Tiempo de lectura\" \/>\n\t<meta name=\"twitter:data1\" content=\"2 minutos\" \/>\n<script type=\"application\/ld+json\" class=\"yoast-schema-graph\">{\"@context\":\"https:\/\/schema.org\",\"@graph\":[{\"@type\":\"WebPage\",\"@id\":\"https:\/\/localiarreda.it\/es\/horeca\/\",\"url\":\"https:\/\/localiarreda.it\/es\/horeca\/\",\"name\":\"Servicios del sector HORECA: dise\u00f1o y mobiliario | Localiarreda\",\"isPartOf\":{\"@id\":\"https:\/\/localiarreda.it\/es\/#website\"},\"primaryImageOfPage\":{\"@id\":\"https:\/\/localiarreda.it\/es\/horeca\/#primaryimage\"},\"image\":{\"@id\":\"https:\/\/localiarreda.it\/es\/horeca\/#primaryimage\"},\"thumbnailUrl\":\"https:\/\/localiarreda.it\/wp-content\/uploads\/2025\/03\/timeline-horeca-desktop-es.png\",\"datePublished\":\"2022-02-02T08:22:52+00:00\",\"dateModified\":\"2025-03-21T16:52:32+00:00\",\"description\":\"Servicios para la hosteler\u00eda. Dise\u00f1o, realizaci\u00f3n y mobiliario del restaurante-cafeter\u00eda Hotellerie, branding y marketing. M\u00e1s informaci\u00f3n.\",\"breadcrumb\":{\"@id\":\"https:\/\/localiarreda.it\/es\/horeca\/#breadcrumb\"},\"inLanguage\":\"es\",\"potentialAction\":[{\"@type\":\"ReadAction\",\"target\":[\"https:\/\/localiarreda.it\/es\/horeca\/\"]}]},{\"@type\":\"ImageObject\",\"inLanguage\":\"es\",\"@id\":\"https:\/\/localiarreda.it\/es\/horeca\/#primaryimage\",\"url\":\"https:\/\/localiarreda.it\/wp-content\/uploads\/2025\/03\/timeline-horeca-desktop-es.png\",\"contentUrl\":\"https:\/\/localiarreda.it\/wp-content\/uploads\/2025\/03\/timeline-horeca-desktop-es.png\"},{\"@type\":\"BreadcrumbList\",\"@id\":\"https:\/\/localiarreda.it\/es\/horeca\/#breadcrumb\",\"itemListElement\":[{\"@type\":\"ListItem\",\"position\":1,\"name\":\"Home\",\"item\":\"https:\/\/localiarreda.it\/es\/pagina-de-inicio\/\"},{\"@type\":\"ListItem\",\"position\":2,\"name\":\"HoReCa\"}]},{\"@type\":\"WebSite\",\"@id\":\"https:\/\/localiarreda.it\/es\/#website\",\"url\":\"https:\/\/localiarreda.it\/es\/\",\"name\":\"Localiarreda\",\"description\":\"Progettiamo e arrediamo il tuo locale da sogno\",\"publisher\":{\"@id\":\"https:\/\/localiarreda.it\/es\/#organization\"},\"potentialAction\":[{\"@type\":\"SearchAction\",\"target\":{\"@type\":\"EntryPoint\",\"urlTemplate\":\"https:\/\/localiarreda.it\/es\/?s={search_term_string}\"},\"query-input\":{\"@type\":\"PropertyValueSpecification\",\"valueRequired\":true,\"valueName\":\"search_term_string\"}}],\"inLanguage\":\"es\"},{\"@type\":\"Organization\",\"@id\":\"https:\/\/localiarreda.it\/es\/#organization\",\"name\":\"Localiarreda\",\"url\":\"https:\/\/localiarreda.it\/es\/\",\"logo\":{\"@type\":\"ImageObject\",\"inLanguage\":\"es\",\"@id\":\"https:\/\/localiarreda.it\/es\/#\/schema\/logo\/image\/\",\"url\":\"https:\/\/localiarreda.it\/wp-content\/uploads\/2022\/01\/nuovo-logo-localiarreda-nero.png\",\"contentUrl\":\"https:\/\/localiarreda.it\/wp-content\/uploads\/2022\/01\/nuovo-logo-localiarreda-nero.png\",\"width\":350,\"height\":76,\"caption\":\"Localiarreda\"},\"image\":{\"@id\":\"https:\/\/localiarreda.it\/es\/#\/schema\/logo\/image\/\"}}]}<\/script>\n<!-- \/ Yoast SEO plugin. -->","yoast_head_json":{"title":"Servicios del sector HORECA: dise\u00f1o y mobiliario | Localiarreda","description":"Servicios para la hosteler\u00eda. Dise\u00f1o, realizaci\u00f3n y mobiliario del restaurante-cafeter\u00eda Hotellerie, branding y marketing. M\u00e1s informaci\u00f3n.","robots":{"index":"index","follow":"follow","max-snippet":"max-snippet:-1","max-image-preview":"max-image-preview:large","max-video-preview":"max-video-preview:-1"},"canonical":"https:\/\/localiarreda.it\/es\/horeca\/","og_locale":"es_ES","og_type":"article","og_title":"Servicios del sector HORECA: dise\u00f1o y mobiliario | Localiarreda","og_description":"Servicios para la hosteler\u00eda. Dise\u00f1o, realizaci\u00f3n y mobiliario del restaurante-cafeter\u00eda Hotellerie, branding y marketing. M\u00e1s informaci\u00f3n.","og_url":"https:\/\/localiarreda.it\/es\/horeca\/","og_site_name":"Localiarreda","article_modified_time":"2025-03-21T16:52:32+00:00","og_image":[{"width":1200,"height":272,"url":"https:\/\/localiarreda.it\/wp-content\/uploads\/2022\/02\/timeline-horeca-desktop.png","type":"image\/png"}],"twitter_card":"summary_large_image","twitter_misc":{"Tiempo de lectura":"2 minutos"},"schema":{"@context":"https:\/\/schema.org","@graph":[{"@type":"WebPage","@id":"https:\/\/localiarreda.it\/es\/horeca\/","url":"https:\/\/localiarreda.it\/es\/horeca\/","name":"Servicios del sector HORECA: dise\u00f1o y mobiliario | Localiarreda","isPartOf":{"@id":"https:\/\/localiarreda.it\/es\/#website"},"primaryImageOfPage":{"@id":"https:\/\/localiarreda.it\/es\/horeca\/#primaryimage"},"image":{"@id":"https:\/\/localiarreda.it\/es\/horeca\/#primaryimage"},"thumbnailUrl":"https:\/\/localiarreda.it\/wp-content\/uploads\/2025\/03\/timeline-horeca-desktop-es.png","datePublished":"2022-02-02T08:22:52+00:00","dateModified":"2025-03-21T16:52:32+00:00","description":"Servicios para la hosteler\u00eda. Dise\u00f1o, realizaci\u00f3n y mobiliario del restaurante-cafeter\u00eda Hotellerie, branding y marketing. M\u00e1s informaci\u00f3n.","breadcrumb":{"@id":"https:\/\/localiarreda.it\/es\/horeca\/#breadcrumb"},"inLanguage":"es","potentialAction":[{"@type":"ReadAction","target":["https:\/\/localiarreda.it\/es\/horeca\/"]}]},{"@type":"ImageObject","inLanguage":"es","@id":"https:\/\/localiarreda.it\/es\/horeca\/#primaryimage","url":"https:\/\/localiarreda.it\/wp-content\/uploads\/2025\/03\/timeline-horeca-desktop-es.png","contentUrl":"https:\/\/localiarreda.it\/wp-content\/uploads\/2025\/03\/timeline-horeca-desktop-es.png"},{"@type":"BreadcrumbList","@id":"https:\/\/localiarreda.it\/es\/horeca\/#breadcrumb","itemListElement":[{"@type":"ListItem","position":1,"name":"Home","item":"https:\/\/localiarreda.it\/es\/pagina-de-inicio\/"},{"@type":"ListItem","position":2,"name":"HoReCa"}]},{"@type":"WebSite","@id":"https:\/\/localiarreda.it\/es\/#website","url":"https:\/\/localiarreda.it\/es\/","name":"Localiarreda","description":"Progettiamo e arrediamo il tuo locale da sogno","publisher":{"@id":"https:\/\/localiarreda.it\/es\/#organization"},"potentialAction":[{"@type":"SearchAction","target":{"@type":"EntryPoint","urlTemplate":"https:\/\/localiarreda.it\/es\/?s={search_term_string}"},"query-input":{"@type":"PropertyValueSpecification","valueRequired":true,"valueName":"search_term_string"}}],"inLanguage":"es"},{"@type":"Organization","@id":"https:\/\/localiarreda.it\/es\/#organization","name":"Localiarreda","url":"https:\/\/localiarreda.it\/es\/","logo":{"@type":"ImageObject","inLanguage":"es","@id":"https:\/\/localiarreda.it\/es\/#\/schema\/logo\/image\/","url":"https:\/\/localiarreda.it\/wp-content\/uploads\/2022\/01\/nuovo-logo-localiarreda-nero.png","contentUrl":"https:\/\/localiarreda.it\/wp-content\/uploads\/2022\/01\/nuovo-logo-localiarreda-nero.png","width":350,"height":76,"caption":"Localiarreda"},"image":{"@id":"https:\/\/localiarreda.it\/es\/#\/schema\/logo\/image\/"}}]}},"_links":{"self":[{"href":"https:\/\/localiarreda.it\/es\/wp-json\/wp\/v2\/pages\/10864","targetHints":{"allow":["GET"]}}],"collection":[{"href":"https:\/\/localiarreda.it\/es\/wp-json\/wp\/v2\/pages"}],"about":[{"href":"https:\/\/localiarreda.it\/es\/wp-json\/wp\/v2\/types\/page"}],"author":[{"embeddable":true,"href":"https:\/\/localiarreda.it\/es\/wp-json\/wp\/v2\/users\/15"}],"replies":[{"embeddable":true,"href":"https:\/\/localiarreda.it\/es\/wp-json\/wp\/v2\/comments?post=10864"}],"version-history":[{"count":1,"href":"https:\/\/localiarreda.it\/es\/wp-json\/wp\/v2\/pages\/10864\/revisions"}],"predecessor-version":[{"id":10866,"href":"https:\/\/localiarreda.it\/es\/wp-json\/wp\/v2\/pages\/10864\/revisions\/10866"}],"wp:attachment":[{"href":"https:\/\/localiarreda.it\/es\/wp-json\/wp\/v2\/media?parent=10864"}],"curies":[{"name":"wp","href":"https:\/\/api.w.org\/{rel}","templated":true}]}}